{"id":13137,"date":"2024-06-16T13:21:18","date_gmt":"2024-06-16T13:21:18","guid":{"rendered":"https:\/\/starlediluminacion.com\/?post_type=product&#038;p=13137"},"modified":"2024-09-15T11:48:52","modified_gmt":"2024-09-15T11:48:52","slug":"lampara-led-colgante-multiformas-flexi-neon-baden","status":"publish","type":"product","link":"https:\/\/starlediluminacion.com\/pt\/product\/pendente-multiforme-flexi-neon-baden-2\/","title":{"rendered":"<p>Candeeiro suspenso LED - Multiform FLEXI NEON - BADEN<\/p>"},"content":{"rendered":"<h1>Candeeiro suspenso LED - Multiform FLEXI NEON - BADEN<p style=\"font-weight: 400;\">O nosso&nbsp;<strong style=\"font-weight: 600;\">Lumin\u00e1ria LED Multiform<\/strong>&nbsp;- O design personalizado oferece um vasto leque de possibilidades de escolha entre uma vasta gama de op\u00e7\u00f5es de ilumina\u00e7\u00e3o.&nbsp;<strong style=\"font-weight: 600;\">quente e neutro<\/strong>.<\/p><p style=\"font-weight: 400;\"><strong style=\"font-weight: 600;\">A lumin\u00e1ria \u00e9 fabricada de acordo com o tamanho desejado pelo cliente, pelo que este produto n\u00e3o pode ser devolvido, uma vez que se trata de um produto feito \u00e0 medida.&nbsp;<\/strong><\/p><p style=\"font-weight: 400;\"><strong style=\"font-weight: 600;\">Lumin\u00e1ria fabricada \u00e0 medida na Europa.<\/strong>&nbsp;&nbsp;<strong style=\"font-weight: 600;\">Tempo de produ\u00e7\u00e3o: 5 a 7 dias \u00fateis.<\/strong><\/p><p style=\"font-weight: 400;\">Descubra a revolu\u00e7\u00e3o na ilumina\u00e7\u00e3o com as nossas extraordin\u00e1rias&nbsp;<strong style=\"font-weight: 600;\">L\u00e2mpada LED<\/strong>&nbsp;de \u00faltima gera\u00e7\u00e3o! Este prod\u00edgio tecnol\u00f3gico n\u00e3o s\u00f3 ilumina os seus espa\u00e7os, como transforma completamente a sua experi\u00eancia de luz. Concebido com mestria e versatilidade, o nosso candeeiro LED com<strong style=\"font-weight: 600;\">&nbsp;cabo de luz<\/strong>&nbsp;y&nbsp;<strong style=\"font-weight: 600;\">tubo flex\u00edvel<\/strong>&nbsp;O silicone mergulha-o num mundo de possibilidades luminosas sem paralelo.<\/p><p style=\"font-weight: 400;\">Imagine ter controlo total sobre a ilumina\u00e7\u00e3o das suas divis\u00f5es. Com uma pot\u00eancia surpreendente de<strong style=\"font-weight: 600;\">&nbsp;17 watts por metro<\/strong>Este candeeiro LED \u00e9 o farol da inova\u00e7\u00e3o de que todos est\u00e1vamos \u00e0 espera. O seu design \u00fanico e de vanguarda n\u00e3o s\u00f3 ilumina o seu espa\u00e7o, como o transforma numa obra-prima de luz e cor. Esque\u00e7a os limites convencionais da ilumina\u00e7\u00e3o e d\u00ea as boas-vindas \u00e0 criatividade com o nosso tubo de silicone flex\u00edvel, que lhe permite moldar a luz nas formas que desejar.<\/p><p style=\"font-weight: 400;\">Mas isso n\u00e3o \u00e9 tudo. O nosso&nbsp;<strong style=\"font-weight: 600;\">Lumin\u00e1ria pendente LED<\/strong>&nbsp;n\u00e3o \u00e9 apenas um prod\u00edgio est\u00e9tico, mas tamb\u00e9m um campe\u00e3o da efici\u00eancia energ\u00e9tica. Com a pot\u00eancia de que necessita e o respeito pelo ambiente que merece, este dispositivo inovador oferece-lhe uma experi\u00eancia de ilumina\u00e7\u00e3o inigual\u00e1vel sem sacrificar a sustentabilidade.<\/p><p style=\"font-weight: 400;\">Est\u00e1 a pensar onde pode libertar todo o potencial desta maravilha da ilumina\u00e7\u00e3o? A resposta \u00e9 simples: em todo o lado! Da sala de estar ao escrit\u00f3rio, do quarto ao escrit\u00f3rio, esta l\u00e2mpada LED adapta-se a qualquer espa\u00e7o e eleva instantaneamente a sua atmosfera. Crie uma atmosfera quente e acolhedora em sua casa ou aumente a produtividade no seu local de trabalho. A l\u00e2mpada&nbsp;<strong style=\"font-weight: 600;\">versatilidade<\/strong>&nbsp;deste produto permite-lhe experimentar a luz de uma forma completamente nova.<\/p><p style=\"font-weight: 400;\">N\u00e3o se contente com a ilumina\u00e7\u00e3o convencional. Transforme cada espa\u00e7o numa obra-prima luminosa com a nossa l\u00e2mpada LED com cabo de luz e tubo de silicone flex\u00edvel. Deixe que a luz seja a sua tela e d\u00ea vida \u00e0 sua imagina\u00e7\u00e3o - n\u00e3o espere mais para transformar os seus espa\u00e7os! Clique agora e descubra o futuro da ilumina\u00e7\u00e3o com a nossa l\u00e2mpada LED de \u00faltima gera\u00e7\u00e3o - ilumine o seu mundo com estilo e funcionalidade!<\/p><h2>Utiliza\u00e7\u00f5es do candeeiro suspenso LED - Multiform FLEXI NEON - BADEN<\/h2><p style=\"font-weight: 400;\">As luzes pendentes de design moderno podem ser utilizadas numa grande variedade de locais, tanto em espa\u00e7os residenciais como comerciais. Alguns dos locais mais comuns onde s\u00e3o utilizadas incluem:<\/p><h3><strong style=\"font-weight: 600;\">Em casa:<\/strong><\/h3><ul>\n<li><strong style=\"font-weight: 600;\">Sala de jantar:&nbsp;<\/strong>Por cima da mesa de jantar, um candeeiro suspenso moderno pode criar um ponto focal impressionante e proporcionar uma ilumina\u00e7\u00e3o ambiente quente e acolhedora.<\/li>\n<li><strong style=\"font-weight: 600;\">Sala de estar:&nbsp;<\/strong>Pendurado por cima da mesa de caf\u00e9 ou num canto da sala de estar, um candeeiro suspenso moderno pode dar um toque de estilo e personalidade \u00e0 decora\u00e7\u00e3o.<\/li>\n<li><strong style=\"font-weight: 600;\">Quarto de dormir:&nbsp;<\/strong>Por cima da mesa de cabeceira ou pendurado no teto, um candeeiro suspenso moderno pode proporcionar uma ilumina\u00e7\u00e3o suave e relaxante ao quarto.<\/li>\n<li><strong style=\"font-weight: 600;\">Cozinha:&nbsp;<\/strong>Sobre a ilha de cozinha ou a bancada, uma luz pendente moderna pode dar um toque de estilo e funcionalidade \u00e0 cozinha.<\/li>\n<li><strong style=\"font-weight: 600;\">Corredor:&nbsp;<\/strong>Uma fila de candeeiros suspensos modernos ao longo de um corredor comprido pode criar um efeito elegante e apelativo.<\/li>\n<\/ul><h3><strong style=\"font-weight: 600;\">Em espa\u00e7os comerciais:<\/strong><\/h3><ul>\n<li><strong style=\"font-weight: 600;\">Restaurantes:&nbsp;<\/strong>Os candeeiros suspensos modernos podem criar um ambiente elegante e acolhedor em restaurantes, bares e caf\u00e9s.<\/li>\n<li><strong style=\"font-weight: 600;\">Lojas:&nbsp;<\/strong>Nas lojas de retalho, as modernas l\u00e2mpadas pendentes podem ajudar a destacar produtos espec\u00edficos e a criar um ambiente atrativo para os clientes.<\/li>\n<li><strong style=\"font-weight: 600;\">Escrit\u00f3rios:&nbsp;<\/strong>Nos escrit\u00f3rios, os candeeiros suspensos modernos podem dar um toque de estilo e sofistica\u00e7\u00e3o \u00e0 decora\u00e7\u00e3o e ajudar a criar um ambiente de trabalho mais agrad\u00e1vel.<\/li>\n<li><strong style=\"font-weight: 600;\">Hot\u00e9is:&nbsp;<\/strong>Nos hot\u00e9is e resorts, os candeeiros suspensos modernos podem ajudar a criar uma atmosfera luxuosa e acolhedora para os h\u00f3spedes.<\/li>\n<li><strong style=\"font-weight: 600;\">Museus e galerias de arte:&nbsp;<\/strong>Em museus e galerias de arte, os candeeiros suspensos modernos podem ajudar a iluminar obras de arte e objectos com precis\u00e3o e a criar uma atmosfera atraente para os visitantes.<\/li>\n<\/ul><p>Os nossos candeeiros oferecem um elevado desempenho e podem estar na capa de qualquer revista de decora\u00e7\u00e3o. N\u00e3o espere mais para comprar o seu candeeiro de design e obter uma ilumina\u00e7\u00e3o \u00fanica!<\/p><h3 class=\"h6\">Folha de dados do produto<\/h3><dl class=\"data-sheet\">\n<dt class=\"name\"><img loading=\"lazy\" decoding=\"async\" src=\"https:\/\/www.factorled.com\/modules\/oa_features\/img\/2-default.jpg\" width=\"32\" height=\"32\">&nbsp;REFER\u00caNCIA<\/dt>\n<dd class=\"value\">10227-N360<\/dd>\n<dt class=\"name\"><img loading=\"lazy\" decoding=\"async\" src=\"https:\/\/www.factorled.com\/modules\/oa_features\/img\/4-default.jpg\" width=\"32\" height=\"32\">&nbsp;Tens\u00e3o nominal<\/dt>\n<dd class=\"value\">85-265V<\/dd>\n<dt class=\"name\"><img loading=\"lazy\" decoding=\"async\" src=\"https:\/\/www.factorled.com\/modules\/oa_features\/img\/5-default.jpg\" width=\"32\" height=\"32\">&nbsp;Temperatura da luz<\/dt>\n<dd class=\"value\">2700K - 4000K<\/dd>\n<dt class=\"name\"><img loading=\"lazy\" decoding=\"async\" src=\"https:\/\/www.factorled.com\/modules\/oa_features\/img\/6-default.jpg\" width=\"32\" height=\"32\">&nbsp;CRI - \u00cdndice de restitui\u00e7\u00e3o de cor<\/dt>\n<dd class=\"value\">90<\/dd>\n<dt class=\"name\"><img loading=\"lazy\" decoding=\"async\" src=\"https:\/\/www.factorled.com\/modules\/oa_features\/img\/25-default.jpg\" width=\"32\" height=\"32\">&nbsp;Material de constru\u00e7\u00e3o<\/dt>\n<dd class=\"value\">Silicone<\/dd>\n<dt class=\"name\"><img loading=\"lazy\" decoding=\"async\" src=\"https:\/\/www.factorled.com\/modules\/oa_features\/img\/10-default.jpg\" width=\"32\" height=\"32\">&nbsp;\u00c2ngulo de abertura (\u00ba)<\/dt>\n<dd class=\"value\">360\u00ba<\/dd>\n<dt class=\"name\"><img loading=\"lazy\" decoding=\"async\" src=\"https:\/\/www.factorled.com\/modules\/oa_features\/img\/15-default.jpg\" width=\"32\" height=\"32\">&nbsp;Certificados<\/dt>\n<dd class=\"value\">CE - ROHS<\/dd>\n<dt class=\"name\"><img loading=\"lazy\" decoding=\"async\" src=\"https:\/\/www.factorled.com\/modules\/oa_features\/img\/16-default.jpg\" width=\"32\" height=\"32\">&nbsp;Classifica\u00e7\u00e3o IP<\/dt>\n<dd class=\"value\">IP20<\/dd>\n<dt class=\"name\"><img loading=\"lazy\" decoding=\"async\" src=\"https:\/\/www.factorled.com\/modules\/oa_features\/img\/21-default.jpg\" width=\"32\" height=\"32\">&nbsp;Frequ\u00eancia de trabalho (Hz)<\/dt>\n<dd class=\"value\">50\/60Hz<\/dd>\n<dt class=\"name\"><img loading=\"lazy\" decoding=\"async\" src=\"https:\/\/www.factorled.com\/modules\/oa_features\/img\/22-default.jpg\" width=\"32\" height=\"32\">&nbsp;Gama de temperaturas (\u00baC)<\/dt>\n<dd class=\"value\">-20\u00b0C ~ +55\u00b0C<\/dd>\n<dt class=\"name\"><img loading=\"lazy\" decoding=\"async\" src=\"https:\/\/www.factorled.com\/modules\/oa_features\/img\/24-default.jpg\" width=\"32\" height=\"32\">&nbsp;Tempo de arranque (S)<\/dt>\n<dd class=\"value\">0,2s<\/dd>\n<dt class=\"name\"><img loading=\"lazy\" decoding=\"async\" src=\"https:\/\/www.factorled.com\/modules\/oa_features\/img\/7-default.jpg\" width=\"32\" height=\"32\">&nbsp;Classe energ\u00e9tica (2021-UE-2019\/2015)<\/dt>\n<dd class=\"value\">A+<\/dd>\n<dt class=\"name\"><img loading=\"lazy\" decoding=\"async\" src=\"https:\/\/www.factorled.com\/modules\/oa_features\/img\/101-default.jpg\" width=\"32\" height=\"32\">&nbsp;Classe energ\u00e9tica (2023 - UE-2019\/2015)<\/dt>\n<dd class=\"value\">F<\/dd>\n<dt class=\"name\"><img loading=\"lazy\" decoding=\"async\" src=\"https:\/\/www.factorled.com\/modules\/oa_features\/img\/75-default.jpg\" width=\"32\" height=\"32\">&nbsp;Anos de garantia<\/dt>\n<dd class=\"value\">3<\/dd>\n<\/dl><\/h1>","protected":false},"excerpt":{"rendered":"<p style=\"font-weight: 400;\"><strong>N.\u00ba de ref.: SL10227-N360<\/strong><p>Descubra a revolu\u00e7\u00e3o na ilumina\u00e7\u00e3o com as nossas extraordin\u00e1rias&nbsp;<strong style=\"font-weight: 600;\">L\u00e2mpada LED<\/strong>&nbsp;de \u00faltima gera\u00e7\u00e3o! Este prod\u00edgio tecnol\u00f3gico n\u00e3o s\u00f3 ilumina os seus espa\u00e7os, como tamb\u00e9m transforma completamente a forma como sente a luz. Concebida com mestria e tendo em mente a versatilidade, a nossa&nbsp;<strong style=\"font-weight: 600;\">L\u00e2mpada LED<\/strong>&nbsp;com<strong style=\"font-weight: 600;\">&nbsp;cabo de luz e tubo flex\u00edvel<\/strong>&nbsp;O silicone mergulha-o num mundo de possibilidades luminosas sem paralelo.<\/p><p>O&nbsp;<strong style=\"font-weight: 600;\">luz suspensa&nbsp;<\/strong>com corda iluminada \u00e9 uma inova\u00e7\u00e3o tecnol\u00f3gica que se destaca pela sua eleg\u00e2ncia e versatilidade de utiliza\u00e7\u00e3o em v\u00e1rios ambientes. A sua fonte de luz avan\u00e7ada dissipa muito bem o calor e consegue uma ilumina\u00e7\u00e3o uniforme, suave e sem reflexos.<\/p><p><strong style=\"font-weight: 600;\">Lumin\u00e1ria fabricada \u00e0 medida na Europa.<\/strong>&nbsp;&nbsp;<strong style=\"font-weight: 600;\">Tempo de produ\u00e7\u00e3o: 5 a 7 dias \u00fateis.<\/strong><\/p><p><strong>Temperatura de cor: 2700K\/4000K&nbsp;<\/strong><\/p><p><strong>Medi\u00e7\u00e3o: 1M\/2M<\/strong><\/p><\/p>","protected":false},"featured_media":13138,"template":"","meta":{"site-sidebar-layout":"default","site-content-layout":"default","ast-global-header-display":"","ast-main-header-display":"","ast-hfb-above-header-display":"","ast-hfb-below-header-display":"","ast-hfb-mobile-header-display":"","site-post-title":"","ast-breadcrumbs-content":"","ast-featured-img":"","footer-sml-layout":"","theme-transparent-header-meta":"default","adv-header-id-meta":"","stick-header-meta":"","header-above-stick-meta":"","header-main-stick-meta":"","header-below-stick-meta":""},"product_cat":[36,66],"product_tag":[],"class_list":["post-13137","product","type-product","status-publish","has-post-thumbnail","hentry","product_cat-apliques-led-y-decoracion","product_cat-lamparas-colgantes-led"],"yoast_head":"<!-- This site is optimized with the Yoast SEO plugin v27.4 - https:\/\/yoast.com\/product\/yoast-seo-wordpress\/ -->\n<title>L\u00e1mpara LED Colgante - Multiformas FLEXI NEON - BADEN - STARLED Iluminacion<\/title>\n<meta name=\"robots\" content=\"index, follow, max-snippet:-1, max-image-preview:large, max-video-preview:-1\" \/>\n<link rel=\"canonical\" href=\"https:\/\/starlediluminacion.com\/pt\/product\/pendente-multiforme-flexi-neon-baden-2\/\" \/>\n<meta property=\"og:locale\" content=\"pt_PT\" \/>\n<meta property=\"og:type\" content=\"article\" \/>\n<meta property=\"og:title\" content=\"L\u00e1mpara LED Colgante - Multiformas FLEXI NEON - BADEN - STARLED Iluminacion\" \/>\n<meta property=\"og:description\" content=\"Referencia: SL10227-N360 \u00a1Descubre la revoluci\u00f3n en iluminaci\u00f3n con nuestra extraordinaria\u00a0l\u00e1mpara LED\u00a0de \u00faltima generaci\u00f3n! Este prodigio de la tecnolog\u00eda no solo ilumina tus espacios, sino que transforma por completo la manera en que experimentas la luz. Dise\u00f1ada con maestr\u00eda y pensando en la versatilidad, nuestra\u00a0l\u00e1mpara LED\u00a0con\u00a0cord\u00f3n de luz y tubo flexible\u00a0de silicona te sumerge en un mundo de posibilidades luminosas sin igual.  La\u00a0l\u00e1mpara colgante\u00a0con\u00a0cuerda iluminada\u00a0es una innovaci\u00f3n tecnol\u00f3gica que destaca por su elegancia y versatilidad para su uso en varios ambientes. Su fuente de luz avanzada disipa muy bien el calor y consigue una iluminaci\u00f3n uniforme, suave y sin deslumbramiento.  Luminaria fabricada a medida en Europa.\u00a0\u00a0Plazo de fabricaci\u00f3n: de 5 a 7 d\u00edas laborables.  Temperatura de Color: 2700K\/4000K\u00a0  Medida: 1M\/2M\" \/>\n<meta property=\"og:url\" content=\"https:\/\/starlediluminacion.com\/pt\/product\/pendente-multiforme-flexi-neon-baden-2\/\" \/>\n<meta property=\"og:site_name\" content=\"STARLED Iluminacion\" \/>\n<meta property=\"article:modified_time\" content=\"2024-09-15T11:48:52+00:00\" \/>\n<meta property=\"og:image\" content=\"https:\/\/starlediluminacion.com\/wp-content\/uploads\/2024\/06\/lampara-led-colgante-multiformas-flexi-neon-baden.png\" \/>\n\t<meta property=\"og:image:width\" content=\"254\" \/>\n\t<meta property=\"og:image:height\" content=\"273\" \/>\n\t<meta property=\"og:image:type\" content=\"image\/png\" \/>\n<meta name=\"twitter:card\" content=\"summary_large_image\" \/>\n<meta name=\"twitter:label1\" content=\"Tempo estimado de leitura\" \/>\n\t<meta name=\"twitter:data1\" content=\"4 minutos\" \/>\n<script type=\"application\/ld+json\" class=\"yoast-schema-graph\">{\"@context\":\"https:\\\/\\\/schema.org\",\"@graph\":[{\"@type\":\"WebPage\",\"@id\":\"https:\\\/\\\/starlediluminacion.com\\\/producto\\\/lampara-led-colgante-multiformas-flexi-neon-baden\\\/\",\"url\":\"https:\\\/\\\/starlediluminacion.com\\\/producto\\\/lampara-led-colgante-multiformas-flexi-neon-baden\\\/\",\"name\":\"L\u00e1mpara LED Colgante - Multiformas FLEXI NEON - BADEN - STARLED Iluminacion\",\"isPartOf\":{\"@id\":\"https:\\\/\\\/starlediluminacion.com\\\/#website\"},\"primaryImageOfPage\":{\"@id\":\"https:\\\/\\\/starlediluminacion.com\\\/producto\\\/lampara-led-colgante-multiformas-flexi-neon-baden\\\/#primaryimage\"},\"image\":{\"@id\":\"https:\\\/\\\/starlediluminacion.com\\\/producto\\\/lampara-led-colgante-multiformas-flexi-neon-baden\\\/#primaryimage\"},\"thumbnailUrl\":\"https:\\\/\\\/starlediluminacion.com\\\/wp-content\\\/uploads\\\/2024\\\/06\\\/lampara-led-colgante-multiformas-flexi-neon-baden.png\",\"datePublished\":\"2024-06-16T13:21:18+00:00\",\"dateModified\":\"2024-09-15T11:48:52+00:00\",\"breadcrumb\":{\"@id\":\"https:\\\/\\\/starlediluminacion.com\\\/producto\\\/lampara-led-colgante-multiformas-flexi-neon-baden\\\/#breadcrumb\"},\"inLanguage\":\"pt-PT\",\"potentialAction\":[{\"@type\":\"ReadAction\",\"target\":[\"https:\\\/\\\/starlediluminacion.com\\\/producto\\\/lampara-led-colgante-multiformas-flexi-neon-baden\\\/\"]}]},{\"@type\":\"ImageObject\",\"inLanguage\":\"pt-PT\",\"@id\":\"https:\\\/\\\/starlediluminacion.com\\\/producto\\\/lampara-led-colgante-multiformas-flexi-neon-baden\\\/#primaryimage\",\"url\":\"https:\\\/\\\/starlediluminacion.com\\\/wp-content\\\/uploads\\\/2024\\\/06\\\/lampara-led-colgante-multiformas-flexi-neon-baden.png\",\"contentUrl\":\"https:\\\/\\\/starlediluminacion.com\\\/wp-content\\\/uploads\\\/2024\\\/06\\\/lampara-led-colgante-multiformas-flexi-neon-baden.png\",\"width\":254,\"height\":273},{\"@type\":\"BreadcrumbList\",\"@id\":\"https:\\\/\\\/starlediluminacion.com\\\/producto\\\/lampara-led-colgante-multiformas-flexi-neon-baden\\\/#breadcrumb\",\"itemListElement\":[{\"@type\":\"ListItem\",\"position\":1,\"name\":\"Portada\",\"item\":\"https:\\\/\\\/starlediluminacion.com\\\/\"},{\"@type\":\"ListItem\",\"position\":2,\"name\":\"Shop\",\"item\":\"https:\\\/\\\/starlediluminacion.com\\\/shop-2\\\/\"},{\"@type\":\"ListItem\",\"position\":3,\"name\":\"L\u00e1mpara LED Colgante &#8211; Multiformas FLEXI NEON &#8211; BADEN\"}]},{\"@type\":\"WebSite\",\"@id\":\"https:\\\/\\\/starlediluminacion.com\\\/#website\",\"url\":\"https:\\\/\\\/starlediluminacion.com\\\/\",\"name\":\"STARLED Iluminacion\",\"description\":\"\",\"potentialAction\":[{\"@type\":\"SearchAction\",\"target\":{\"@type\":\"EntryPoint\",\"urlTemplate\":\"https:\\\/\\\/starlediluminacion.com\\\/?s={search_term_string}\"},\"query-input\":{\"@type\":\"PropertyValueSpecification\",\"valueRequired\":true,\"valueName\":\"search_term_string\"}}],\"inLanguage\":\"pt-PT\"}]}<\/script>\n<!-- \/ Yoast SEO plugin. -->","yoast_head_json":{"title":"L\u00e1mpara LED Colgante - Multiformas FLEXI NEON - BADEN - STARLED Iluminacion","robots":{"index":"index","follow":"follow","max-snippet":"max-snippet:-1","max-image-preview":"max-image-preview:large","max-video-preview":"max-video-preview:-1"},"canonical":"https:\/\/starlediluminacion.com\/pt\/product\/pendente-multiforme-flexi-neon-baden-2\/","og_locale":"pt_PT","og_type":"article","og_title":"L\u00e1mpara LED Colgante - Multiformas FLEXI NEON - BADEN - STARLED Iluminacion","og_description":"Referencia: SL10227-N360 \u00a1Descubre la revoluci\u00f3n en iluminaci\u00f3n con nuestra extraordinaria\u00a0l\u00e1mpara LED\u00a0de \u00faltima generaci\u00f3n! Este prodigio de la tecnolog\u00eda no solo ilumina tus espacios, sino que transforma por completo la manera en que experimentas la luz. Dise\u00f1ada con maestr\u00eda y pensando en la versatilidad, nuestra\u00a0l\u00e1mpara LED\u00a0con\u00a0cord\u00f3n de luz y tubo flexible\u00a0de silicona te sumerge en un mundo de posibilidades luminosas sin igual.  La\u00a0l\u00e1mpara colgante\u00a0con\u00a0cuerda iluminada\u00a0es una innovaci\u00f3n tecnol\u00f3gica que destaca por su elegancia y versatilidad para su uso en varios ambientes. Su fuente de luz avanzada disipa muy bien el calor y consigue una iluminaci\u00f3n uniforme, suave y sin deslumbramiento.  Luminaria fabricada a medida en Europa.\u00a0\u00a0Plazo de fabricaci\u00f3n: de 5 a 7 d\u00edas laborables.  Temperatura de Color: 2700K\/4000K\u00a0  Medida: 1M\/2M","og_url":"https:\/\/starlediluminacion.com\/pt\/product\/pendente-multiforme-flexi-neon-baden-2\/","og_site_name":"STARLED Iluminacion","article_modified_time":"2024-09-15T11:48:52+00:00","og_image":[{"width":254,"height":273,"url":"https:\/\/starlediluminacion.com\/wp-content\/uploads\/2024\/06\/lampara-led-colgante-multiformas-flexi-neon-baden.png","type":"image\/png"}],"twitter_card":"summary_large_image","twitter_misc":{"Tempo estimado de leitura":"4 minutos"},"schema":{"@context":"https:\/\/schema.org","@graph":[{"@type":"WebPage","@id":"https:\/\/starlediluminacion.com\/producto\/lampara-led-colgante-multiformas-flexi-neon-baden\/","url":"https:\/\/starlediluminacion.com\/producto\/lampara-led-colgante-multiformas-flexi-neon-baden\/","name":"L\u00e1mpara LED Colgante - Multiformas FLEXI NEON - BADEN - STARLED Iluminacion","isPartOf":{"@id":"https:\/\/starlediluminacion.com\/#website"},"primaryImageOfPage":{"@id":"https:\/\/starlediluminacion.com\/producto\/lampara-led-colgante-multiformas-flexi-neon-baden\/#primaryimage"},"image":{"@id":"https:\/\/starlediluminacion.com\/producto\/lampara-led-colgante-multiformas-flexi-neon-baden\/#primaryimage"},"thumbnailUrl":"https:\/\/starlediluminacion.com\/wp-content\/uploads\/2024\/06\/lampara-led-colgante-multiformas-flexi-neon-baden.png","datePublished":"2024-06-16T13:21:18+00:00","dateModified":"2024-09-15T11:48:52+00:00","breadcrumb":{"@id":"https:\/\/starlediluminacion.com\/producto\/lampara-led-colgante-multiformas-flexi-neon-baden\/#breadcrumb"},"inLanguage":"pt-PT","potentialAction":[{"@type":"ReadAction","target":["https:\/\/starlediluminacion.com\/producto\/lampara-led-colgante-multiformas-flexi-neon-baden\/"]}]},{"@type":"ImageObject","inLanguage":"pt-PT","@id":"https:\/\/starlediluminacion.com\/producto\/lampara-led-colgante-multiformas-flexi-neon-baden\/#primaryimage","url":"https:\/\/starlediluminacion.com\/wp-content\/uploads\/2024\/06\/lampara-led-colgante-multiformas-flexi-neon-baden.png","contentUrl":"https:\/\/starlediluminacion.com\/wp-content\/uploads\/2024\/06\/lampara-led-colgante-multiformas-flexi-neon-baden.png","width":254,"height":273},{"@type":"BreadcrumbList","@id":"https:\/\/starlediluminacion.com\/producto\/lampara-led-colgante-multiformas-flexi-neon-baden\/#breadcrumb","itemListElement":[{"@type":"ListItem","position":1,"name":"Portada","item":"https:\/\/starlediluminacion.com\/"},{"@type":"ListItem","position":2,"name":"Shop","item":"https:\/\/starlediluminacion.com\/shop-2\/"},{"@type":"ListItem","position":3,"name":"L\u00e1mpara LED Colgante &#8211; Multiformas FLEXI NEON &#8211; BADEN"}]},{"@type":"WebSite","@id":"https:\/\/starlediluminacion.com\/#website","url":"https:\/\/starlediluminacion.com\/","name":"STARLED Iluminacion","description":"","potentialAction":[{"@type":"SearchAction","target":{"@type":"EntryPoint","urlTemplate":"https:\/\/starlediluminacion.com\/?s={search_term_string}"},"query-input":{"@type":"PropertyValueSpecification","valueRequired":true,"valueName":"search_term_string"}}],"inLanguage":"pt-PT"}]}},"_links":{"self":[{"href":"https:\/\/starlediluminacion.com\/pt\/wp-json\/wp\/v3\/product\/13137","targetHints":{"allow":["GET"]}}],"collection":[{"href":"https:\/\/starlediluminacion.com\/pt\/wp-json\/wp\/v3\/product"}],"about":[{"href":"https:\/\/starlediluminacion.com\/pt\/wp-json\/wp\/v2\/types\/product"}],"wp:featuredmedia":[{"embeddable":true,"href":"https:\/\/starlediluminacion.com\/pt\/wp-json\/wp\/v2\/media\/13138"}],"wp:attachment":[{"href":"https:\/\/starlediluminacion.com\/pt\/wp-json\/wp\/v2\/media?parent=13137"}],"wp:term":[{"taxonomy":"product_cat","embeddable":true,"href":"https:\/\/starlediluminacion.com\/pt\/wp-json\/wp\/v2\/product_cat?post=13137"},{"taxonomy":"product_tag","embeddable":true,"href":"https:\/\/starlediluminacion.com\/pt\/wp-json\/wp\/v2\/product_tag?post=13137"}],"curies":[{"name":"wp","href":"https:\/\/api.w.org\/{rel}","templated":true}]}}